{"id":61647,"date":"2020-03-18T14:53:59","date_gmt":"2020-03-18T14:53:59","guid":{"rendered":"https:\/\/jardinexotiqueroscoff.com\/produit\/protea-lepidocarpodendron-mit-cremefarbenen-hochblaettern\/"},"modified":"2025-11-24T13:32:10","modified_gmt":"2025-11-24T13:32:10","slug":"protea-lepidocarpodendron-mit-cremefarbenen-hochblaettern","status":"publish","type":"product","link":"https:\/\/jardinexotiqueroscoff.com\/de\/produit\/protea-lepidocarpodendron-mit-cremefarbenen-hochblaettern\/","title":{"rendered":"Protea lepidocarpodendron mit cremefarbenen Hochbl\u00e4ttern"},"content":{"rendered":"<div id=\"dslc-theme-content\"><div id=\"dslc-theme-content-inner\"><div class=\"wpb-content-wrapper\"><p>[vc_row][vc_column][vc_column_text]Zusammenfassung: Protea lepidocarpodendron ist eine Pflanze aus der Familie der Proteaceae.<br \/>\n<!--more--><\/p>\n<p>Botanischer Name: Protea lepidocarpodendron (L.) L.<\/p>\n<p>Familie: Proteaceae<\/p>\n<p>Herkunft: S\u00fcdafrika<\/p>\n<p>Gebr\u00e4uchlicher Name: Protega, Schwarzb\u00e4rtige Protega<\/p>\n<p>Winterh\u00e4rte: -5\u00b0C<\/p>\n<p>Sammlung CCVS<\/p>\n<p>IUCN Red List: NT (Quasi bedroht)<\/p>\n<p><strong>Beschreibung<\/strong><\/p>\n<p>Protea lepidocarpodendron ist ein 2 bis 3 Meter hoher Strauch mit wenigen \u00c4sten. Die Bl\u00fctenst\u00e4nde haben cremefarbene bis rosafarbene Hochbl\u00e4tter. Die Pflanze, die dieses Blatt illustriert, ist die Form mit cremefarbenen Hochbl\u00e4ttern. Diese Art ist in der Kapregion zwischen der K\u00fcste und 600 m H\u00f6he auf Sandstein- oder Granitb\u00f6den beheimatet. Die Bl\u00fctezeit ist bei uns vom Sp\u00e4twinter bis zum fr\u00fchen Fr\u00fchjahr.[\/vc_column_text][\/vc_column][\/vc_row]<\/p>\n<\/div><\/div><\/div>","protected":false},"excerpt":{"rendered":"<p>[vc_row][vc_column][vc_column_text]Zusammenfassung: Protea lepidocarpodendron ist eine Pflanze aus der Familie der Proteaceae.<\/p>\n","protected":false},"featured_media":60674,"template":"","meta":[],"product_brand":[],"product_cat":[437,436,435,434],"product_tag":[517,439,438],"class_list":{"0":"post-61647","1":"product","2":"type-product","3":"status-publish","4":"has-post-thumbnail","6":"product_cat-sudafrika","7":"product_cat-protea-de","8":"product_cat-proteaceae-de","9":"product_cat-proteus","10":"product_tag-proteacea","11":"product_tag-sammlung-ccvs","12":"product_tag-strauch","14":"first","15":"instock","16":"featured","17":"shipping-taxable","18":"product-type-simple"},"_links":{"self":[{"href":"https:\/\/jardinexotiqueroscoff.com\/de\/wp-json\/wp\/v2\/product\/61647","targetHints":{"allow":["GET"]}}],"collection":[{"href":"https:\/\/jardinexotiqueroscoff.com\/de\/wp-json\/wp\/v2\/product"}],"about":[{"href":"https:\/\/jardinexotiqueroscoff.com\/de\/wp-json\/wp\/v2\/types\/product"}],"wp:featuredmedia":[{"embeddable":true,"href":"https:\/\/jardinexotiqueroscoff.com\/de\/wp-json\/wp\/v2\/media\/60674"}],"wp:attachment":[{"href":"https:\/\/jardinexotiqueroscoff.com\/de\/wp-json\/wp\/v2\/media?parent=61647"}],"wp:term":[{"taxonomy":"product_brand","embeddable":true,"href":"https:\/\/jardinexotiqueroscoff.com\/de\/wp-json\/wp\/v2\/product_brand?post=61647"},{"taxonomy":"product_cat","embeddable":true,"href":"https:\/\/jardinexotiqueroscoff.com\/de\/wp-json\/wp\/v2\/product_cat?post=61647"},{"taxonomy":"product_tag","embeddable":true,"href":"https:\/\/jardinexotiqueroscoff.com\/de\/wp-json\/wp\/v2\/product_tag?post=61647"}],"curies":[{"name":"wp","href":"https:\/\/api.w.org\/{rel}","templated":true}]}}