{"id":61411,"date":"2019-12-12T10:19:29","date_gmt":"2019-12-12T10:19:29","guid":{"rendered":"https:\/\/jardinexotiqueroscoff.com\/produit\/salvia-namaensis\/"},"modified":"2025-11-24T13:33:50","modified_gmt":"2025-11-24T13:33:50","slug":"salvia-namaensis","status":"publish","type":"product","link":"https:\/\/jardinexotiqueroscoff.com\/de\/produit\/salvia-namaensis\/","title":{"rendered":"Salvia namaensis"},"content":{"rendered":"<div id=\"dslc-theme-content\"><div id=\"dslc-theme-content-inner\"><div class=\"wpb-content-wrapper\"><p>[vc_row][vc_column][vc_column_text]Zusammenfassung: Salvia namaensis ist eine mehrj\u00e4hrige, strauchartige Staude aus der Familie der Lamiaceae.<br \/>\n<!--more--><\/p>\n<p>Botanischer Name: Salvia namaensis Schinz.<\/p>\n<p>Familie: Lamiaceae<\/p>\n<p>Herkunft: S\u00fcdafrika, Namibia<\/p>\n<p>Gebr\u00e4uchlicher Name: Nama-Salbei (Heute wird Nama als Namaqualand bezeichnet. Nama ist der Name des Volkes, das dort lebte)<\/p>\n<p>Winterh\u00e4rte: -8\u00b0C bis -10\u00b0C.<\/p>\n<p>Salvia namaensis ist ein kleiner (50 cm bis 1 m hoch), strauchartiger, mehrj\u00e4hriger Salbei aus der Familie der Lamiaceae, der aus dem Namaqualand stammt, einer Region im Westen S\u00fcdafrikas und Namibias. Das Laub ist immergr\u00fcn und aromatisch. Die Pflanze vertr\u00e4gt Trockenheit und Wind gut. Sie ben\u00f6tigt einen gut drainierten Boden. Er w\u00e4chst langsam. Die Bl\u00fctezeit ist im Sommer. In kalten Regionen (au\u00dferhalb der Zone 9) empfehlen wir, die Pflanze zur\u00fcckzuschneiden und den Fu\u00df gut zu mulchen.[\/vc_column_text][\/vc_column][\/vc_row]<\/p>\n<\/div><\/div><\/div>","protected":false},"excerpt":{"rendered":"<p>[vc_row][vc_column][vc_column_text]Zusammenfassung: Salvia namaensis ist eine mehrj\u00e4hrige, strauchartige Staude aus der Familie der Lamiaceae.<\/p>\n","protected":false},"featured_media":60296,"template":"","meta":[],"product_brand":[],"product_cat":[437,573,578,576,574],"product_tag":[537,438],"class_list":{"0":"post-61411","1":"product","2":"type-product","3":"status-publish","4":"has-post-thumbnail","6":"product_cat-sudafrika","7":"product_cat-lamiaceae-de","8":"product_cat-namibia-de","9":"product_cat-salbei","10":"product_cat-salvia-de","11":"product_tag-mehrjahrig","12":"product_tag-strauch","14":"first","15":"instock","16":"featured","17":"shipping-taxable","18":"product-type-simple"},"_links":{"self":[{"href":"https:\/\/jardinexotiqueroscoff.com\/de\/wp-json\/wp\/v2\/product\/61411","targetHints":{"allow":["GET"]}}],"collection":[{"href":"https:\/\/jardinexotiqueroscoff.com\/de\/wp-json\/wp\/v2\/product"}],"about":[{"href":"https:\/\/jardinexotiqueroscoff.com\/de\/wp-json\/wp\/v2\/types\/product"}],"wp:featuredmedia":[{"embeddable":true,"href":"https:\/\/jardinexotiqueroscoff.com\/de\/wp-json\/wp\/v2\/media\/60296"}],"wp:attachment":[{"href":"https:\/\/jardinexotiqueroscoff.com\/de\/wp-json\/wp\/v2\/media?parent=61411"}],"wp:term":[{"taxonomy":"product_brand","embeddable":true,"href":"https:\/\/jardinexotiqueroscoff.com\/de\/wp-json\/wp\/v2\/product_brand?post=61411"},{"taxonomy":"product_cat","embeddable":true,"href":"https:\/\/jardinexotiqueroscoff.com\/de\/wp-json\/wp\/v2\/product_cat?post=61411"},{"taxonomy":"product_tag","embeddable":true,"href":"https:\/\/jardinexotiqueroscoff.com\/de\/wp-json\/wp\/v2\/product_tag?post=61411"}],"curies":[{"name":"wp","href":"https:\/\/api.w.org\/{rel}","templated":true}]}}