{"id":61358,"date":"2015-08-21T11:48:53","date_gmt":"2015-08-21T11:48:53","guid":{"rendered":"https:\/\/jardinexotiqueroscoff.com\/der-garten\/"},"modified":"2024-11-06T13:54:33","modified_gmt":"2024-11-06T13:54:33","slug":"der-garten","status":"publish","type":"page","link":"https:\/\/jardinexotiqueroscoff.com\/de\/der-garten\/","title":{"rendered":"Der Garten"},"content":{"rendered":"<div id=\"dslc-theme-content\"><div id=\"dslc-theme-content-inner\"><div class=\"wpb-content-wrapper\"><p>[vc_row full_width=\"stretch_row\"][vc_column][vc_empty_space height=\"1.5em\"][\/vc_column][\/vc_row][vc_row][vc_column offset=\"vc_col-lg-6 vc_col-md-6 vc_col-xs-12\"]<div class=\"sc_section aligncenter\"><div class=\"sc_section_inner\"><figure class=\"sc_image  sc_image_shape_square\"><img decoding=\"async\" src=\"https:\/\/jardinexotiqueroscoff.com\/wp-content\/uploads\/2019\/06\/Jean-Michel-MOULLEC.jpg\" alt=\"\" \/><\/figure><\/div><\/div>[vc_empty_space height=\"2em\"][\/vc_column][vc_column offset=\"vc_col-lg-6 vc_col-md-6 vc_col-xs-12\"]<div class=\"sc_section\"><div class=\"sc_section_inner\"><\/div><\/div>[vc_column_text]<strong>Der Jardin Exotique &amp; Botanique de Roscoff<\/strong> wird von der<strong> Groupement Roscovite des Amateurs de Plantes Exotiques et Subtropicales<\/strong> (G.R.A.P.E.S), einem gemeinn\u00fctzigen Verein mit 7 Mitarbeitern, verwaltet.<\/p>\n<p>Der Garten wurde 1986 auf Initiative der Herren Louis Kerdil\u00e8s und Daniel Person angelegt und umfasst heute 1,6 ha, wirkt aber dank des <strong>originellen Konzepts von Alain Le Goff<\/strong> viel gr\u00f6\u00dfer.<\/p>\n<p>Der Garten zeigt dem Publikum eine<strong>der gr\u00f6\u00dften Sammlungen<\/strong> s\u00fcdlicher<strong>Pflanzen, die in unseren Klimazonen im Freien kultiviert<\/strong> werden (\u00fcber 3500 Arten): haupts\u00e4chlich Pflanzen aus S\u00fcdafrika, Ozeanien, S\u00fcdamerika, den Kanarischen Inseln, Madeira und Mittelamerika.[\/vc_column_text][\/vc_column][\/vc_row][vc_row][vc_column offset=\"vc_col-lg-6 vc_col-md-6 vc_col-xs-12\"]<div class=\"sc_section aligncenter\"><div class=\"sc_section_inner\">[vc_column_text]<\/p>\n<p style=\"text-align: left;\">Diese Pflanzen sind nicht nach Kontinenten geordnet, sondern <strong>so angeordnet, dass sie eine \"nat\u00fcrliche\" Landschaft bilden.<\/strong> Jedes Jahr f\u00fchren wir neue Arten ein. Wir arrangieren die Pflanzen im Garten nach ihren Bed\u00fcrfnissen und nicht nach ihrer Herkunft, und die Natur erledigt den Rest!  <\/p>\n<p style=\"text-align: left;\">Viele Pflanzen sind nicht mehrj\u00e4hrig, sondern s\u00e4en sich auf nat\u00fcrliche Weise reichlich aus, wie z.B. die Kanarische Echium.<\/p>\n<p style=\"text-align: left;\">Im Jahr 2017 haben wir einen Gem\u00fcsegarten angelegt, in dem wir <strong>mit dem Anbau von s\u00fcdlichen Gem\u00fcsepflanzen<\/strong> experimentieren. Wir sind ein Akklimatisierungsgarten, der st\u00e4ndig in Bewegung ist. <\/p>\n<p style=\"text-align: left;\">Seit 2014 werden <strong>in einem kalten Gew\u00e4chshaus<\/strong> nicht winterharte Kakteen, Blumenzwiebeln und Sukkulenten im Freiland gez\u00fcchtet. Die winterh\u00e4rtesten Sukkulenten werden in Steing\u00e4rten gepflanzt. <\/p>\n<p>[\/vc_column_text]<\/div><\/div>[\/vc_column][vc_column offset=\"vc_col-lg-6 vc_col-md-6 vc_col-xs-12\"]<div class=\"sc_section\"><div class=\"sc_section_inner\"><figure class=\"sc_image  sc_image_shape_square\"><img decoding=\"async\" src=\"https:\/\/jardinexotiqueroscoff.com\/wp-content\/uploads\/2019\/06\/Elodie-LELEIVRE.jpg\" alt=\"\" \/><\/figure><\/div><\/div>[vc_empty_space height=\"2em\"][\/vc_column][\/vc_row][vc_row][vc_column offset=\"vc_col-lg-6 vc_col-md-6 vc_col-xs-12\"]<div class=\"sc_section aligncenter\"><div class=\"sc_section_inner\"><figure class=\"sc_image  sc_image_shape_square\"><img decoding=\"async\" src=\"https:\/\/jardinexotiqueroscoff.com\/wp-content\/uploads\/2019\/06\/36967589_2251889891518444_4546540414043160576_n.jpg\" alt=\"\" \/><\/figure>[vc_empty_space height=\"2em\"]<\/div><\/div>[\/vc_column][vc_column offset=\"vc_col-lg-6 vc_col-md-6 vc_col-xs-12\"]<div class=\"sc_section\"><div class=\"sc_section_inner\">[vc_column_text]<strong>Der Garten grenzt auf beiden Seiten an das Meer<\/strong> und wird von der nordatlantischen Drift des <strong>Golfstroms<\/strong> umsp\u00fclt, wodurch wir <strong>ein milderes Mikroklima<\/strong> haben.<\/p>\n<p>Im Allgemeinen sinken die Temperaturen in der N\u00e4he des Felsens nicht unter 0\u00b0C und erreichen nur selten -5\u00b0C im oberen Teil des Gartens. Der Garten ist durch Hecken in kleine Parzellen unterteilt, um die Windwirkung zu begrenzen. <\/p>\n<p><strong>Der Felsen<\/strong> Roc'h Hievec auf der Ostseite sch\u00fctzt die Pflanzen vor den Ostwinden und speichert die W\u00e4rme, um sie nachts wieder abzugeben. Nach <strong>78 Stufen haben <\/strong> Sie einen herrlichen <strong>Blick \u00fcber die Bucht von Morlaix<\/strong>![\/vc_column_text]<\/div><\/div>[\/vc_column][\/vc_row][vc_row][vc_column offset=\"vc_col-lg-6 vc_col-md-6 vc_col-xs-12\"]<div class=\"sc_section aligncenter\"><div class=\"sc_section_inner\">[vc_column_text]<\/p>\n<p style=\"text-align: left;\">Obwohl der Garten nicht nach geographischen Zonen aufgeteilt ist, gehen die Bed\u00fcrfnisse der Pflanzen und ihre geographische Herkunft Hand in Hand. So besteht der Bereich hinter dem Felsen <strong>aus vielen Pflanzen aus Chile<\/strong>, wie z.B. Embotryum coccineum, der Chilenische Feuerbaum. Die Beete um den Felsen herum bestehen haupts\u00e4chlich aus<strong> Proteaceen aus S\u00fcdafrika und Australien<\/strong>. <strong>Die Farnzone<\/strong> schlie\u00dflich vereint Pflanzen, die haupts\u00e4chlich <strong>aus Ozeanien stammen<\/strong>, wie z.B. Baumfarne.   <\/p>\n<p style=\"text-align: left;\">Sie k\u00f6nnen <strong>erstaunliche Ger\u00fcche<\/strong> entdecken, wenn Sie die Bl\u00e4tter der duftenden Pflanzen im Duftgarten zerrupfen.<\/p>\n<h4 style=\"text-align: left;\"><strong>Am Ende des Besuchs bieten wir Ihnen in unserer G\u00e4rtnerei in der N\u00e4he des Empfangs Pflanzen aus eigener Produktion zum Verkauf an.<\/strong><\/h4>\n<p>[\/vc_column_text]<\/div><\/div>[vc_column_text]<\/p>\n<h2><\/h2>\n<h2>Klicken Sie unten, um zum virtuellen Rundgang zu gelangen:<\/h2>\n<h3 style=\"text-align: center;\"><span style=\"color: #33cccc;\"><a style=\"color: #33cccc;\" href=\"https:\/\/www.hdmedia.fr\/visite-virtuelle\/hd\/cbpwlpzwbb-jardin-exotique-et-botanique-roscoff-29.html\" target=\"_blank\" rel=\"noopener\"><em>Virtueller Rundgang durch den Exotischen und Botanischen Garten von Roscoff<\/em><\/a><\/span><\/h3>\n<p>[\/vc_column_text][\/vc_column][vc_column offset=\"vc_col-lg-6 vc_col-md-6 vc_col-xs-12\"]<div class=\"sc_section\"><div class=\"sc_section_inner\"><figure class=\"sc_image  sc_image_shape_square\"><img decoding=\"async\" src=\"https:\/\/jardinexotiqueroscoff.com\/wp-content\/uploads\/2019\/06\/45256730_2481490991891665_1092117648302407680_n.jpg\" alt=\"\" \/><\/figure>[vc_empty_space height=\"2em\"]<\/div><\/div>[\/vc_column][\/vc_row][vc_row][vc_column][vc_empty_space height=\"4em\"]<div class=\"columns_wrap sc_columns columns_nofluid sc_columns_count_5\"><div class=\"column-1_5 sc_column_item sc_column_item_1 odd first\"><figure class=\"sc_image  sc_image_shape_square\"><img decoding=\"async\" src=\"https:\/\/jardinexotiqueroscoff.com\/wp-content\/uploads\/2019\/06\/ray-light--e1561454339525.jpg\" alt=\"\" \/><\/figure><\/div><div class=\"column-1_5 sc_column_item sc_column_item_2 even\"><figure class=\"sc_image  sc_image_shape_square\"><img decoding=\"async\" src=\"https:\/\/jardinexotiqueroscoff.com\/wp-content\/uploads\/2019\/06\/cactaceae-mammillaria-aff-rhodantha-3.jpg\" alt=\"\" \/><\/figure><\/div><div class=\"column-1_5 sc_column_item sc_column_item_3 odd\"><figure class=\"sc_image  sc_image_shape_square\"><img decoding=\"async\" src=\"https:\/\/jardinexotiqueroscoff.com\/wp-content\/uploads\/2019\/06\/fleurs2_web.jpg\" alt=\"\" \/><\/figure><\/div><div class=\"column-1_5 sc_column_item sc_column_item_4 even\"><figure class=\"sc_image  sc_image_shape_square\"><img decoding=\"async\" src=\"https:\/\/jardinexotiqueroscoff.com\/wp-content\/uploads\/2019\/06\/fleurs_web.jpg\" alt=\"\" \/><\/figure><\/div><div class=\"column-1_5 sc_column_item sc_column_item_5 odd\"><figure class=\"sc_image  sc_image_shape_square\"><img decoding=\"async\" src=\"https:\/\/jardinexotiqueroscoff.com\/wp-content\/uploads\/2019\/06\/banksia.jpg\" alt=\"\" \/><\/figure><\/div><\/div>[\/vc_column][\/vc_row][vc_row][vc_column][vc_column_text]<\/p>\n<h3>Unsere Partner<\/h3>\n<p>[\/vc_column_text][vc_empty_space height=\"4em\"][\/vc_column][\/vc_row][vc_row content_placement=\"middle\" css=\".vc_custom_1593073239815{padding-top: 10px !important;padding-right: 10px !important;padding-bottom: 10px !important;padding-left: 10px !important;}\"][vc_column width=\"1\/6\"]<figure class=\"sc_image  sc_image_shape_square\" style=\"height:65px;\"><a href=\"http:\/\/jbf-pf.org\/\" target=\"_blank\" rel=\"noopener\"><img decoding=\"async\" src=\"https:\/\/jardinexotiqueroscoff.com\/wp-content\/uploads\/2015\/11\/Botanik-logo_seve-illustration-article-115x65.jpg\" alt=\"\" \/><\/a><\/figure>[\/vc_column][vc_column width=\"1\/6\"]<figure class=\"sc_image  sc_image_shape_square\" style=\"margin-left:20px !important;height:65px;\"><a href=\"https:\/\/www.ccvs-france.org\/\" target=\"_blank\" rel=\"noopener\"><img decoding=\"async\" src=\"https:\/\/jardinexotiqueroscoff.com\/wp-content\/uploads\/2015\/11\/CCVS-100x65.jpg\" alt=\"\" \/><\/a><\/figure>[\/vc_column][vc_column width=\"1\/6\"]<figure class=\"sc_image  sc_image_shape_square\" style=\"margin-left:30px !important;height:65px;\"><a href=\"http:\/\/actus.societe-francaise-acclimatation.fr\/\" target=\"_blank\" rel=\"noopener\"><img decoding=\"async\" src=\"https:\/\/jardinexotiqueroscoff.com\/wp-content\/uploads\/2015\/11\/cropped-1-Logo-SFA-151214-65x65.jpg\" alt=\"\" \/><\/a><\/figure>[\/vc_column][vc_column width=\"1\/6\"]<figure class=\"sc_image  alignleft sc_image_shape_square\" style=\"margin-left:20px !important;height:65px;\"><a href=\"http:\/\/www.apjb.org\/fr\/accueil.html\" target=\"_blank\" rel=\"noopener\"><img decoding=\"async\" src=\"https:\/\/jardinexotiqueroscoff.com\/wp-content\/uploads\/2015\/11\/logo-apjb-def-6x672-rvb-58x65.jpg\" alt=\"\" \/><\/a><\/figure>[\/vc_column][vc_column width=\"1\/6\"]<figure class=\"sc_image  sc_image_shape_square\" style=\"margin-right:20px !important;height:65px;\"><a href=\"https:\/\/www.casinostranchant.com\/roscoff\" target=\"_blank\" rel=\"noopener\"><img decoding=\"async\" src=\"https:\/\/jardinexotiqueroscoff.com\/wp-content\/uploads\/2015\/11\/Roscoff-logo-92x65.jpg\" alt=\"\" \/><\/a><\/figure>[\/vc_column][vc_column width=\"1\/6\"]<figure class=\"sc_image  sc_image_shape_square\" style=\"height:65px;\"><a href=\"https:\/\/www.toutcommenceenfinistere.com\/\" target=\"_blank\" rel=\"noopener\"><img decoding=\"async\" src=\"https:\/\/jardinexotiqueroscoff.com\/wp-content\/uploads\/2015\/11\/BLOC-TCF-QUADRI-FOND-NOIR-135x65.jpg\" alt=\"\" \/><\/a><\/figure>[\/vc_column][\/vc_row][vc_row content_placement=\"middle\" css=\".vc_custom_1593073277719{padding-top: 30px !important;padding-right: 10px !important;padding-bottom: 10px !important;padding-left: 10px !important;}\"][vc_column width=\"1\/6\"]<figure class=\"sc_image  sc_image_shape_square\" style=\"height:65px;\"><a href=\"https:\/\/acteurs.tourismebretagne.bzh\/\" target=\"_blank\" rel=\"noopener\"><img decoding=\"async\" src=\"https:\/\/jardinexotiqueroscoff.com\/wp-content\/uploads\/2020\/06\/Logo-Tourisme-Bretagne-279x65.jpg\" alt=\"\" \/><\/a><\/figure>[\/vc_column][vc_column width=\"1\/6\"]<figure class=\"sc_image  sc_image_shape_square\" style=\"margin-left:20px !important;height:75px;\"><a href=\"https:\/\/www.roscoff-tourisme.com\/fr\/\" target=\"_blank\" rel=\"noopener\"><img decoding=\"async\" src=\"https:\/\/jardinexotiqueroscoff.com\/wp-content\/uploads\/2020\/06\/roscoff-tourisme-99x75.jpg\" alt=\"\" \/><\/a><\/figure>[\/vc_column][vc_column width=\"1\/6\"]<figure class=\"sc_image  sc_image_shape_square\" style=\"margin-left:30px !important;height:65px;\"><a href=\"https:\/\/www.parcsetjardins.fr\/\" target=\"_blank\" rel=\"noopener\"><img decoding=\"async\" src=\"https:\/\/jardinexotiqueroscoff.com\/wp-content\/uploads\/2020\/06\/CPJF-80x65.jpg\" alt=\"\" \/><\/a><\/figure>[\/vc_column][vc_column width=\"1\/6\"]<figure class=\"sc_image  alignleft sc_image_shape_square\" style=\"margin-left:20px !important;height:65px;\"><a href=\"http:\/\/www.hotel-aux-tamaris.com\/\" target=\"_blank\" rel=\"noopener\"><img decoding=\"async\" src=\"https:\/\/jardinexotiqueroscoff.com\/wp-content\/uploads\/2020\/06\/Tamaris-108x65.jpg\" alt=\"\" \/><\/a><\/figure>[\/vc_column][vc_column width=\"1\/6\"]<figure class=\"sc_image  sc_image_shape_square\" style=\"margin-right:20px !important;height:65px;\"><a href=\"https:\/\/www.theoriginalshotels.com\/hotels\/morlaix-ouest\" target=\"_blank\" rel=\"noopener\"><img decoding=\"async\" src=\"https:\/\/jardinexotiqueroscoff.com\/wp-content\/uploads\/2020\/06\/inter-hotel-morlaix-271x65.jpg\" alt=\"\" \/><\/a><\/figure>[\/vc_column][vc_column width=\"1\/6\"]<figure class=\"sc_image  sc_image_shape_square\" style=\"margin-left:25px !important;height:75px;\"><a href=\"http:\/\/www.gazon-magique.com\" target=\"_blank\" rel=\"noopener\"><img decoding=\"async\" src=\"https:\/\/jardinexotiqueroscoff.com\/wp-content\/uploads\/2020\/06\/Gazon-magique-Logo-2--58x75.jpg\" alt=\"\" \/><\/a><\/figure>[\/vc_column][\/vc_row]<\/p>\n<\/div><\/div><\/div>","protected":false},"excerpt":{"rendered":"<p>[vc_row full_width=\"stretch_row\"][vc_column][vc_empty_space height=\"1.5em\"][\/vc_column][\/vc_row][vc_row][vc_column offset=\"vc_col-lg-6 vc_col-md-6 vc_col-xs-12\"][vc_empty_space height=\"2em\"][\/vc_column][vc_column offset=\"vc_col-lg-6 vc_col-md-6 vc_col-xs-12\"][vc_column_text]Der Jardin Exotique &amp; Botanique de Roscoff wird von der Groupement Roscovite des Amateurs de Plantes Exotiques et Subtropicales (G.R.A.P.E.S), einem gemeinn\u00fctzigen Verein mit 7 Mitarbeitern, verwaltet. Der Garten wurde 1986 auf Initiative der Herren Louis Kerdil\u00e8s und Daniel Person angelegt und umfasst heute 1,6 ha, [&hellip;]<\/p>\n","protected":false},"author":1,"featured_media":0,"parent":0,"menu_order":0,"comment_status":"closed","ping_status":"closed","template":"","meta":{"footnotes":""},"class_list":["post-61358","page","type-page","status-publish","hentry"],"_links":{"self":[{"href":"https:\/\/jardinexotiqueroscoff.com\/de\/wp-json\/wp\/v2\/pages\/61358","targetHints":{"allow":["GET"]}}],"collection":[{"href":"https:\/\/jardinexotiqueroscoff.com\/de\/wp-json\/wp\/v2\/pages"}],"about":[{"href":"https:\/\/jardinexotiqueroscoff.com\/de\/wp-json\/wp\/v2\/types\/page"}],"author":[{"embeddable":true,"href":"https:\/\/jardinexotiqueroscoff.com\/de\/wp-json\/wp\/v2\/users\/1"}],"replies":[{"embeddable":true,"href":"https:\/\/jardinexotiqueroscoff.com\/de\/wp-json\/wp\/v2\/comments?post=61358"}],"version-history":[{"count":1,"href":"https:\/\/jardinexotiqueroscoff.com\/de\/wp-json\/wp\/v2\/pages\/61358\/revisions"}],"predecessor-version":[{"id":61360,"href":"https:\/\/jardinexotiqueroscoff.com\/de\/wp-json\/wp\/v2\/pages\/61358\/revisions\/61360"}],"wp:attachment":[{"href":"https:\/\/jardinexotiqueroscoff.com\/de\/wp-json\/wp\/v2\/media?parent=61358"}],"curies":[{"name":"wp","href":"https:\/\/api.w.org\/{rel}","templated":true}]}}